{"id":1188,"date":"2022-09-18T18:01:40","date_gmt":"2022-09-18T16:01:40","guid":{"rendered":"http:\/\/tricastinhandball.fr\/blog\/?page_id=1188"},"modified":"2023-12-19T16:40:40","modified_gmt":"2023-12-19T15:40:40","slug":"nos-entrainements","status":"publish","type":"page","link":"http:\/\/tricastinhandball.fr\/blog\/nos-entrainements\/","title":{"rendered":"Nos entra\u00eenements"},"content":{"rendered":"\n<h2 class=\"wp-block-heading\">Cr\u00e9neaux temporaires d\u2019entra\u00eenements pour la saison 2023-2024<\/h2>\n\n\n\n<figure class=\"wp-block-image size-full\"><img loading=\"lazy\" decoding=\"async\" width=\"872\" height=\"596\" src=\"http:\/\/tricastinhandball.fr\/blog\/wp-content\/uploads\/2023\/11\/creneaux-temporaires-suite-indisponibilite-de-la-Halle-des-sports.png\" alt=\"\" class=\"wp-image-1532\" srcset=\"http:\/\/tricastinhandball.fr\/blog\/wp-content\/uploads\/2023\/11\/creneaux-temporaires-suite-indisponibilite-de-la-Halle-des-sports.png 872w, http:\/\/tricastinhandball.fr\/blog\/wp-content\/uploads\/2023\/11\/creneaux-temporaires-suite-indisponibilite-de-la-Halle-des-sports-300x205.png 300w, http:\/\/tricastinhandball.fr\/blog\/wp-content\/uploads\/2023\/11\/creneaux-temporaires-suite-indisponibilite-de-la-Halle-des-sports-768x525.png 768w\" sizes=\"(max-width: 872px) 100vw, 872px\" \/><\/figure>\n\n\n\n<p>suite \u00e0 l&#8217;indisponibilit\u00e9 de la Halle des sports, retrouvez les nouveaux cr\u00e9neaux temporaires des entra\u00eenements. <\/p>\n\n\n\n<div class=\"wp-block-file\"><a id=\"wp-block-file--media-f9cbb08f-b468-4a2e-82c3-034011623b1c\" href=\"https:\/\/tricastinhandball.fr\/blog\/wp-content\/uploads\/2023\/11\/creneaux-temporaires-suite-indisponibilite-de-la-Halle-des-sports-1.png\">creneaux-temporaires-suite-indisponibilite-de-la-Halle-des-sports-1<\/a><a href=\"https:\/\/tricastinhandball.fr\/blog\/wp-content\/uploads\/2023\/11\/creneaux-temporaires-suite-indisponibilite-de-la-Halle-des-sports-1.png\" class=\"wp-block-file__button wp-element-button\" download aria-describedby=\"wp-block-file--media-f9cbb08f-b468-4a2e-82c3-034011623b1c\">T\u00e9l\u00e9charger<\/a><\/div>\n\n\n\n<h2 class=\"wp-block-heading\">Les entra\u00eeneurs<\/h2>\n\n\n\n<figure class=\"wp-block-gallery has-nested-images columns-default is-cropped wp-block-gallery-1 is-layout-flex wp-block-gallery-is-layout-flex\">\n<figure class=\"wp-block-image size-large\"><img loading=\"lazy\" decoding=\"async\" width=\"1024\" height=\"573\" data-id=\"1586\" src=\"https:\/\/tricastinhandball.fr\/blog\/wp-content\/uploads\/2023\/12\/Capture-decran-2023-12-19-163809-1024x573.png\" alt=\"\" class=\"wp-image-1586\" srcset=\"http:\/\/tricastinhandball.fr\/blog\/wp-content\/uploads\/2023\/12\/Capture-decran-2023-12-19-163809-1024x573.png 1024w, http:\/\/tricastinhandball.fr\/blog\/wp-content\/uploads\/2023\/12\/Capture-decran-2023-12-19-163809-300x168.png 300w, http:\/\/tricastinhandball.fr\/blog\/wp-content\/uploads\/2023\/12\/Capture-decran-2023-12-19-163809-768x430.png 768w, http:\/\/tricastinhandball.fr\/blog\/wp-content\/uploads\/2023\/12\/Capture-decran-2023-12-19-163809.png 1358w\" sizes=\"(max-width: 1024px) 100vw, 1024px\" \/><\/figure>\n<\/figure>\n","protected":false},"excerpt":{"rendered":"<p>Cr\u00e9neaux temporaires d\u2019entra\u00eenements pour la saison 2023-2024 suite \u00e0 l&#8217;indisponibilit\u00e9 de la Halle des sports, retrouvez les nouveaux cr\u00e9neaux temporaires des entra\u00eenements. Les entra\u00eeneurs<\/p>\n","protected":false},"author":1,"featured_media":0,"parent":0,"menu_order":0,"comment_status":"closed","ping_status":"closed","template":"","meta":{"footnotes":""},"yoast_head":"<!-- This site is optimized with the Yoast SEO plugin v23.4 - https:\/\/yoast.com\/wordpress\/plugins\/seo\/ -->\n<title>Nos entra\u00eenements - Entente Tricastin Handball<\/title>\n<meta name=\"robots\" content=\"index, follow, max-snippet:-1, max-image-preview:large, max-video-preview:-1\" \/>\n<link rel=\"canonical\" href=\"http:\/\/tricastinhandball.fr\/blog\/nos-entrainements\/\" \/>\n<meta property=\"og:locale\" content=\"fr_FR\" \/>\n<meta property=\"og:type\" content=\"article\" \/>\n<meta property=\"og:title\" content=\"Nos entra\u00eenements - Entente Tricastin Handball\" \/>\n<meta property=\"og:description\" content=\"Cr\u00e9neaux temporaires d\u2019entra\u00eenements pour la saison 2023-2024 suite \u00e0 l&#8217;indisponibilit\u00e9 de la Halle des sports, retrouvez les nouveaux cr\u00e9neaux temporaires des entra\u00eenements. Les entra\u00eeneurs\" \/>\n<meta property=\"og:url\" content=\"http:\/\/tricastinhandball.fr\/blog\/nos-entrainements\/\" \/>\n<meta property=\"og:site_name\" content=\"Entente Tricastin Handball\" \/>\n<meta property=\"article:modified_time\" content=\"2023-12-19T15:40:40+00:00\" \/>\n<meta property=\"og:image\" content=\"http:\/\/tricastinhandball.fr\/blog\/wp-content\/uploads\/2023\/11\/creneaux-temporaires-suite-indisponibilite-de-la-Halle-des-sports.png\" \/>\n<meta name=\"twitter:card\" content=\"summary_large_image\" \/>\n<meta name=\"twitter:label1\" content=\"Dur\u00e9e de lecture estim\u00e9e\" \/>\n\t<meta name=\"twitter:data1\" content=\"1 minute\" \/>\n<script type=\"application\/ld+json\" class=\"yoast-schema-graph\">{\"@context\":\"https:\/\/schema.org\",\"@graph\":[{\"@type\":\"WebPage\",\"@id\":\"http:\/\/tricastinhandball.fr\/blog\/nos-entrainements\/\",\"url\":\"http:\/\/tricastinhandball.fr\/blog\/nos-entrainements\/\",\"name\":\"Nos entra\u00eenements - Entente Tricastin Handball\",\"isPartOf\":{\"@id\":\"http:\/\/tricastinhandball.fr\/blog\/#website\"},\"primaryImageOfPage\":{\"@id\":\"http:\/\/tricastinhandball.fr\/blog\/nos-entrainements\/#primaryimage\"},\"image\":{\"@id\":\"http:\/\/tricastinhandball.fr\/blog\/nos-entrainements\/#primaryimage\"},\"thumbnailUrl\":\"http:\/\/tricastinhandball.fr\/blog\/wp-content\/uploads\/2023\/11\/creneaux-temporaires-suite-indisponibilite-de-la-Halle-des-sports.png\",\"datePublished\":\"2022-09-18T16:01:40+00:00\",\"dateModified\":\"2023-12-19T15:40:40+00:00\",\"breadcrumb\":{\"@id\":\"http:\/\/tricastinhandball.fr\/blog\/nos-entrainements\/#breadcrumb\"},\"inLanguage\":\"fr-FR\",\"potentialAction\":[{\"@type\":\"ReadAction\",\"target\":[\"http:\/\/tricastinhandball.fr\/blog\/nos-entrainements\/\"]}]},{\"@type\":\"ImageObject\",\"inLanguage\":\"fr-FR\",\"@id\":\"http:\/\/tricastinhandball.fr\/blog\/nos-entrainements\/#primaryimage\",\"url\":\"http:\/\/tricastinhandball.fr\/blog\/wp-content\/uploads\/2023\/11\/creneaux-temporaires-suite-indisponibilite-de-la-Halle-des-sports.png\",\"contentUrl\":\"http:\/\/tricastinhandball.fr\/blog\/wp-content\/uploads\/2023\/11\/creneaux-temporaires-suite-indisponibilite-de-la-Halle-des-sports.png\",\"width\":872,\"height\":596},{\"@type\":\"BreadcrumbList\",\"@id\":\"http:\/\/tricastinhandball.fr\/blog\/nos-entrainements\/#breadcrumb\",\"itemListElement\":[{\"@type\":\"ListItem\",\"position\":1,\"name\":\"Accueil\",\"item\":\"http:\/\/tricastinhandball.fr\/blog\/\"},{\"@type\":\"ListItem\",\"position\":2,\"name\":\"Nos entra\u00eenements\"}]},{\"@type\":\"WebSite\",\"@id\":\"http:\/\/tricastinhandball.fr\/blog\/#website\",\"url\":\"http:\/\/tricastinhandball.fr\/blog\/\",\"name\":\"Entente Tricastin Handball\",\"description\":\"\",\"publisher\":{\"@id\":\"http:\/\/tricastinhandball.fr\/blog\/#organization\"},\"potentialAction\":[{\"@type\":\"SearchAction\",\"target\":{\"@type\":\"EntryPoint\",\"urlTemplate\":\"http:\/\/tricastinhandball.fr\/blog\/?s={search_term_string}\"},\"query-input\":{\"@type\":\"PropertyValueSpecification\",\"valueRequired\":true,\"valueName\":\"search_term_string\"}}],\"inLanguage\":\"fr-FR\"},{\"@type\":\"Organization\",\"@id\":\"http:\/\/tricastinhandball.fr\/blog\/#organization\",\"name\":\"Entente Tricastin Handball\",\"url\":\"http:\/\/tricastinhandball.fr\/blog\/\",\"logo\":{\"@type\":\"ImageObject\",\"inLanguage\":\"fr-FR\",\"@id\":\"http:\/\/tricastinhandball.fr\/blog\/#\/schema\/logo\/image\/\",\"url\":\"http:\/\/tricastinhandball.fr\/blog\/wp-content\/uploads\/2017\/10\/cropped-tricastinlogo-1.png\",\"contentUrl\":\"http:\/\/tricastinhandball.fr\/blog\/wp-content\/uploads\/2017\/10\/cropped-tricastinlogo-1.png\",\"width\":449,\"height\":449,\"caption\":\"Entente Tricastin Handball\"},\"image\":{\"@id\":\"http:\/\/tricastinhandball.fr\/blog\/#\/schema\/logo\/image\/\"}}]}<\/script>\n<!-- \/ Yoast SEO plugin. -->","yoast_head_json":{"title":"Nos entra\u00eenements - Entente Tricastin Handball","robots":{"index":"index","follow":"follow","max-snippet":"max-snippet:-1","max-image-preview":"max-image-preview:large","max-video-preview":"max-video-preview:-1"},"canonical":"http:\/\/tricastinhandball.fr\/blog\/nos-entrainements\/","og_locale":"fr_FR","og_type":"article","og_title":"Nos entra\u00eenements - Entente Tricastin Handball","og_description":"Cr\u00e9neaux temporaires d\u2019entra\u00eenements pour la saison 2023-2024 suite \u00e0 l&#8217;indisponibilit\u00e9 de la Halle des sports, retrouvez les nouveaux cr\u00e9neaux temporaires des entra\u00eenements. Les entra\u00eeneurs","og_url":"http:\/\/tricastinhandball.fr\/blog\/nos-entrainements\/","og_site_name":"Entente Tricastin Handball","article_modified_time":"2023-12-19T15:40:40+00:00","og_image":[{"url":"http:\/\/tricastinhandball.fr\/blog\/wp-content\/uploads\/2023\/11\/creneaux-temporaires-suite-indisponibilite-de-la-Halle-des-sports.png"}],"twitter_card":"summary_large_image","twitter_misc":{"Dur\u00e9e de lecture estim\u00e9e":"1 minute"},"schema":{"@context":"https:\/\/schema.org","@graph":[{"@type":"WebPage","@id":"http:\/\/tricastinhandball.fr\/blog\/nos-entrainements\/","url":"http:\/\/tricastinhandball.fr\/blog\/nos-entrainements\/","name":"Nos entra\u00eenements - Entente Tricastin Handball","isPartOf":{"@id":"http:\/\/tricastinhandball.fr\/blog\/#website"},"primaryImageOfPage":{"@id":"http:\/\/tricastinhandball.fr\/blog\/nos-entrainements\/#primaryimage"},"image":{"@id":"http:\/\/tricastinhandball.fr\/blog\/nos-entrainements\/#primaryimage"},"thumbnailUrl":"http:\/\/tricastinhandball.fr\/blog\/wp-content\/uploads\/2023\/11\/creneaux-temporaires-suite-indisponibilite-de-la-Halle-des-sports.png","datePublished":"2022-09-18T16:01:40+00:00","dateModified":"2023-12-19T15:40:40+00:00","breadcrumb":{"@id":"http:\/\/tricastinhandball.fr\/blog\/nos-entrainements\/#breadcrumb"},"inLanguage":"fr-FR","potentialAction":[{"@type":"ReadAction","target":["http:\/\/tricastinhandball.fr\/blog\/nos-entrainements\/"]}]},{"@type":"ImageObject","inLanguage":"fr-FR","@id":"http:\/\/tricastinhandball.fr\/blog\/nos-entrainements\/#primaryimage","url":"http:\/\/tricastinhandball.fr\/blog\/wp-content\/uploads\/2023\/11\/creneaux-temporaires-suite-indisponibilite-de-la-Halle-des-sports.png","contentUrl":"http:\/\/tricastinhandball.fr\/blog\/wp-content\/uploads\/2023\/11\/creneaux-temporaires-suite-indisponibilite-de-la-Halle-des-sports.png","width":872,"height":596},{"@type":"BreadcrumbList","@id":"http:\/\/tricastinhandball.fr\/blog\/nos-entrainements\/#breadcrumb","itemListElement":[{"@type":"ListItem","position":1,"name":"Accueil","item":"http:\/\/tricastinhandball.fr\/blog\/"},{"@type":"ListItem","position":2,"name":"Nos entra\u00eenements"}]},{"@type":"WebSite","@id":"http:\/\/tricastinhandball.fr\/blog\/#website","url":"http:\/\/tricastinhandball.fr\/blog\/","name":"Entente Tricastin Handball","description":"","publisher":{"@id":"http:\/\/tricastinhandball.fr\/blog\/#organization"},"potentialAction":[{"@type":"SearchAction","target":{"@type":"EntryPoint","urlTemplate":"http:\/\/tricastinhandball.fr\/blog\/?s={search_term_string}"},"query-input":{"@type":"PropertyValueSpecification","valueRequired":true,"valueName":"search_term_string"}}],"inLanguage":"fr-FR"},{"@type":"Organization","@id":"http:\/\/tricastinhandball.fr\/blog\/#organization","name":"Entente Tricastin Handball","url":"http:\/\/tricastinhandball.fr\/blog\/","logo":{"@type":"ImageObject","inLanguage":"fr-FR","@id":"http:\/\/tricastinhandball.fr\/blog\/#\/schema\/logo\/image\/","url":"http:\/\/tricastinhandball.fr\/blog\/wp-content\/uploads\/2017\/10\/cropped-tricastinlogo-1.png","contentUrl":"http:\/\/tricastinhandball.fr\/blog\/wp-content\/uploads\/2017\/10\/cropped-tricastinlogo-1.png","width":449,"height":449,"caption":"Entente Tricastin Handball"},"image":{"@id":"http:\/\/tricastinhandball.fr\/blog\/#\/schema\/logo\/image\/"}}]}},"_links":{"self":[{"href":"http:\/\/tricastinhandball.fr\/blog\/wp-json\/wp\/v2\/pages\/1188"}],"collection":[{"href":"http:\/\/tricastinhandball.fr\/blog\/wp-json\/wp\/v2\/pages"}],"about":[{"href":"http:\/\/tricastinhandball.fr\/blog\/wp-json\/wp\/v2\/types\/page"}],"author":[{"embeddable":true,"href":"http:\/\/tricastinhandball.fr\/blog\/wp-json\/wp\/v2\/users\/1"}],"replies":[{"embeddable":true,"href":"http:\/\/tricastinhandball.fr\/blog\/wp-json\/wp\/v2\/comments?post=1188"}],"version-history":[{"count":6,"href":"http:\/\/tricastinhandball.fr\/blog\/wp-json\/wp\/v2\/pages\/1188\/revisions"}],"predecessor-version":[{"id":1587,"href":"http:\/\/tricastinhandball.fr\/blog\/wp-json\/wp\/v2\/pages\/1188\/revisions\/1587"}],"wp:attachment":[{"href":"http:\/\/tricastinhandball.fr\/blog\/wp-json\/wp\/v2\/media?parent=1188"}],"curies":[{"name":"wp","href":"https:\/\/api.w.org\/{rel}","templated":true}]}}